{"id":2304,"date":"2022-02-16T09:26:21","date_gmt":"2022-02-16T08:26:21","guid":{"rendered":"https:\/\/visitmurazzano.it\/murazzano-hier\/"},"modified":"2025-04-02T13:27:16","modified_gmt":"2025-04-02T11:27:16","slug":"murazzano-hier","status":"publish","type":"page","link":"https:\/\/visitmurazzano.it\/fr\/murazzano-hier\/","title":{"rendered":"Murazzano hier"},"content":{"rendered":"<p>[et_pb_section fb_built=\u00a0\u00bb1&Prime; custom_padding_last_edited=\u00a0\u00bbon|phone\u00a0\u00bb admin_label=\u00a0\u00bbHeader\u00a0\u00bb _builder_version=\u00a0\u00bb4.16&Prime; _module_preset=\u00a0\u00bbdefault\u00a0\u00bb use_background_color_gradient=\u00a0\u00bbon\u00a0\u00bb background_color_gradient_stops=\u00a0\u00bbrgba(0,0,0,0.21) 0%|rgba(0,0,0,0.7) 100%\u00a0\u00bb background_color_gradient_overlays_image=\u00a0\u00bbon\u00a0\u00bb background_color_gradient_start=\u00a0\u00bbrgba(0,0,0,0.21)\u00a0\u00bb background_color_gradient_end=\u00a0\u00bbrgba(0,0,0,0.7)\u00a0\u00bb background_image=\u00a0\u00bbhttps:\/\/visitmurazzano.it\/wp-content\/uploads\/2022\/02\/murazzano-ieri.jpg\u00a0\u00bb custom_padding=\u00a0\u00bb120px||120px||true|false\u00a0\u00bb custom_padding_tablet=\u00a0\u00bb35px||35px||true|false\u00a0\u00bb custom_padding_phone=\u00a0\u00bb15px||15px||true|false\u00a0\u00bb locked=\u00a0\u00bboff\u00a0\u00bb global_colors_info=\u00a0\u00bb{}\u00a0\u00bb da_is_popup=\u00a0\u00bboff\u00a0\u00bb da_exit_intent=\u00a0\u00bboff\u00a0\u00bb da_has_close=\u00a0\u00bbon\u00a0\u00bb da_alt_close=\u00a0\u00bboff\u00a0\u00bb da_dark_close=\u00a0\u00bboff\u00a0\u00bb da_not_modal=\u00a0\u00bbon\u00a0\u00bb da_is_singular=\u00a0\u00bboff\u00a0\u00bb da_with_loader=\u00a0\u00bboff\u00a0\u00bb da_has_shadow=\u00a0\u00bbon\u00a0\u00bb da_disable_devices=\u00a0\u00bboff|off|off\u00a0\u00bb][et_pb_row _builder_version=\u00a0\u00bb4.16&Prime; _module_preset=\u00a0\u00bbdefault\u00a0\u00bb global_colors_info=\u00a0\u00bb{}\u00a0\u00bb][et_pb_column type=\u00a0\u00bb4_4&Prime; _builder_version=\u00a0\u00bb4.16&Prime; _module_preset=\u00a0\u00bbdefault\u00a0\u00bb global_colors_info=\u00a0\u00bb{}\u00a0\u00bb][et_pb_text _builder_version=\u00a0\u00bb4.16&Prime; _module_preset=\u00a0\u00bbd72c0383-6487-4f2c-ac5c-7d48a6376757&Prime; header_font=\u00a0\u00bbPlayfair Display||||||||\u00a0\u00bb header_text_color=\u00a0\u00bb#FFFFFF\u00a0\u00bb header_font_size=\u00a0\u00bb56px\u00a0\u00bb animation_direction=\u00a0\u00bbtop\u00a0\u00bb header_font_size_tablet=\u00a0\u00bb10vw\u00a0\u00bb header_font_size_phone=\u00a0\u00bb\u00a0\u00bb header_font_size_last_edited=\u00a0\u00bbon|phone\u00a0\u00bb global_colors_info=\u00a0\u00bb{}\u00a0\u00bb]<\/p>\n<h1>Murazzano hier<\/h1>\n<p>[\/et_pb_text][\/et_pb_column][\/et_pb_row][et_pb_row column_structure=\u00a0\u00bb3_5,2_5&Prime; _builder_version=\u00a0\u00bb4.16&Prime; _module_preset=\u00a0\u00bbdefault\u00a0\u00bb global_colors_info=\u00a0\u00bb{}\u00a0\u00bb][et_pb_column type=\u00a0\u00bb3_5&Prime; _builder_version=\u00a0\u00bb4.16&Prime; _module_preset=\u00a0\u00bbdefault\u00a0\u00bb global_colors_info=\u00a0\u00bb{}\u00a0\u00bb][et_pb_text _builder_version=\u00a0\u00bb4.16&Prime; _module_preset=\u00a0\u00bbdefault\u00a0\u00bb text_text_color=\u00a0\u00bb#FFFFFF\u00a0\u00bb text_font_size=\u00a0\u00bb16px\u00a0\u00bb text_line_height=\u00a0\u00bb1.4em\u00a0\u00bb global_colors_info=\u00a0\u00bb{}\u00a0\u00bb]<\/p>\n<p>Dans les documents anciens, Murazzano est mentionn\u00e9e pour la premi\u00e8re fois en 900 dans le c\u00e9l\u00e8bre dipl\u00f4me d&rsquo;<strong>Otto Ier,<\/strong> alors qu&rsquo;elle subissait des raids sarrasins.<br \/>Elle faisait partie de la Marca Aleramica et, en 1210, elle est pass\u00e9e sous le contr\u00f4le des <strong>marquis de Saluzzo<\/strong>, jusqu&rsquo;\u00e0 ce qu&rsquo;elle soit achet\u00e9e par la <strong>Savoie<\/strong> en 1463 et d\u00e9finie comme le \u00ab bouclier et la cl\u00e9 du Pi\u00e9mont \u00bb en raison de sa <strong>position strat\u00e9gique<\/strong>.<\/p>\n<p>A l&rsquo;\u00e9poque <strong>napol\u00e9onienne<\/strong>, la sacristie du sanctuaire fut (malheureusement) incendi\u00e9e et en 1800 le ch\u00e2teau fut (malheureusement) d\u00e9truit, dont il ne reste aujourd&rsquo;hui que l&rsquo;imposante Tour M\u00e9di\u00e9vale. Pendant la <strong>Seconde Guerre mondiale<\/strong>, il a v\u00e9cu le mouvement de la <strong>R\u00e9sistance<\/strong> en \u00e9crivant l&rsquo;une des pages les plus extraordinaires en faveur des partisans bless\u00e9s, qui ont trouv\u00e9 refuge et soins dans l&rsquo;h\u00f4pital adjacent au Sanctuaire.<\/p>\n<p>[\/et_pb_text][\/et_pb_column][et_pb_column type=\u00a0\u00bb2_5&Prime; _builder_version=\u00a0\u00bb4.16&Prime; _module_preset=\u00a0\u00bbdefault\u00a0\u00bb global_colors_info=\u00a0\u00bb{}\u00a0\u00bb][\/et_pb_column][\/et_pb_row][\/et_pb_section][et_pb_section fb_built=\u00a0\u00bb1&Prime; admin_label=\u00a0\u00bbMission\u00a0\u00bb _builder_version=\u00a0\u00bb4.16&Prime; _module_preset=\u00a0\u00bbdefault\u00a0\u00bb custom_padding=\u00a0\u00bb||0px|||\u00a0\u00bb locked=\u00a0\u00bboff\u00a0\u00bb global_colors_info=\u00a0\u00bb{}\u00a0\u00bb da_is_popup=\u00a0\u00bboff\u00a0\u00bb da_exit_intent=\u00a0\u00bboff\u00a0\u00bb da_has_close=\u00a0\u00bbon\u00a0\u00bb da_alt_close=\u00a0\u00bboff\u00a0\u00bb da_dark_close=\u00a0\u00bboff\u00a0\u00bb da_not_modal=\u00a0\u00bbon\u00a0\u00bb da_is_singular=\u00a0\u00bboff\u00a0\u00bb da_with_loader=\u00a0\u00bboff\u00a0\u00bb da_has_shadow=\u00a0\u00bbon\u00a0\u00bb da_disable_devices=\u00a0\u00bboff|off|off\u00a0\u00bb][et_pb_row _builder_version=\u00a0\u00bb4.16&Prime; _module_preset=\u00a0\u00bbdefault\u00a0\u00bb global_colors_info=\u00a0\u00bb{}\u00a0\u00bb][et_pb_column type=\u00a0\u00bb4_4&Prime; _builder_version=\u00a0\u00bb4.16&Prime; _module_preset=\u00a0\u00bbdefault\u00a0\u00bb custom_padding=\u00a0\u00bb||||false|false\u00a0\u00bb custom_padding_tablet=\u00a0\u00bb0px||||false|false\u00a0\u00bb custom_padding_phone=\u00a0\u00bb0px||||false|false\u00a0\u00bb custom_padding_last_edited=\u00a0\u00bbon|tablet\u00a0\u00bb global_colors_info=\u00a0\u00bb{}\u00a0\u00bb][et_pb_text _builder_version=\u00a0\u00bb4.16&Prime; _module_preset=\u00a0\u00bb16a54059-cc81-4572-9c70-eda6a6c419bf\u00a0\u00bb text_text_color=\u00a0\u00bbrgba(0,0,0,0.8)\u00a0\u00bb text_font_size=\u00a0\u00bb24px\u00a0\u00bb text_line_height=\u00a0\u00bb1.6em\u00a0\u00bb custom_padding=\u00a0\u00bb||0px|||\u00a0\u00bb text_font_size_tablet=\u00a0\u00bb15px\u00a0\u00bb text_font_size_phone=\u00a0\u00bb13px\u00a0\u00bb text_font_size_last_edited=\u00a0\u00bbon|phone\u00a0\u00bb header_font_size_tablet=\u00a0\u00bb55px\u00a0\u00bb header_font_size_last_edited=\u00a0\u00bboff|desktop\u00a0\u00bb locked=\u00a0\u00bboff\u00a0\u00bb global_colors_info=\u00a0\u00bb{}\u00a0\u00bb]<\/p>\n<p><strong>Personnages c\u00e9l\u00e8bres qui ont marqu\u00e9 l&rsquo;histoire de Murazzano<\/strong><\/p>\n<p>[\/et_pb_text][\/et_pb_column][\/et_pb_row][et_pb_row column_structure=\u00a0\u00bb1_2,1_2&Prime; _builder_version=\u00a0\u00bb4.16&Prime; _module_preset=\u00a0\u00bbdefault\u00a0\u00bb custom_padding=\u00a0\u00bb0px|||||\u00a0\u00bb global_colors_info=\u00a0\u00bb{}\u00a0\u00bb][et_pb_column type=\u00a0\u00bb1_2&Prime; _builder_version=\u00a0\u00bb4.16&Prime; _module_preset=\u00a0\u00bbdefault\u00a0\u00bb global_colors_info=\u00a0\u00bb{}\u00a0\u00bb][et_pb_text _builder_version=\u00a0\u00bb4.16.0&Prime; _module_preset=\u00a0\u00bbdefault\u00a0\u00bb text_text_color=\u00a0\u00bb#000000&Prime; text_font_size=\u00a0\u00bb16px\u00a0\u00bb text_line_height=\u00a0\u00bb1.4em\u00a0\u00bb text_font_size_tablet=\u00a0\u00bb15px\u00a0\u00bb text_font_size_phone=\u00a0\u00bb12px\u00a0\u00bb text_font_size_last_edited=\u00a0\u00bbon|phone\u00a0\u00bb global_colors_info=\u00a0\u00bb{}\u00a0\u00bb]<\/p>\n<p><strong>LE BIENHEUREUX GIULIANO GALLO (1578 -1639)<br \/><\/strong>Sup\u00e9rieur des Augustins de Turin en 1611, il apporta une grande aide lors de la peste de 1630. Il est mort infect\u00e9 et a \u00e9t\u00e9 enterr\u00e9 dans l&rsquo;\u00e9glise de San Carlo \u00e0 Turin<\/p>\n<p><strong>CELESTINO DE ASTE (c. 1820)<br \/><\/strong>Chanoine de l&rsquo;\u00c9glise m\u00e9tropolitaine de Turin, il racheta en 1807 \u00e0 l&rsquo;administration fran\u00e7aise le sanctuaire de la Sainte Vierge de HaI et le couvent philippin attenant, qu&rsquo;il donna \u00e0 sa mort aux Murazzanesi pour la fondation de l&rsquo;h\u00f4pital.<\/p>\n<p><strong>LORENZO BRUNO (1821 -1900)<br \/><\/strong>Chef de la clinique m\u00e9dicale de l&rsquo;Universit\u00e9 royale de Turin, m\u00e9decin personnel de Victor Emmanuel II et s\u00e9nateur du Royaume d&rsquo;Italie.<\/p>\n<p><strong>LUIGI ADAMI (1834- 1913)<br \/><\/strong>Lieutenant g\u00e9n\u00e9ral qui participa \u00e0 la bataille de S. Martino (1859) et fut d\u00e9cor\u00e9 de la m\u00e9daille d&rsquo;argent de la V. M. Il fut aide de camp g\u00e9n\u00e9ral de S.M. Umberto I et fut d\u00e9put\u00e9 pendant deux l\u00e9gislatures. Apr\u00e8s des recherches minutieuses, en 1903, il \u00e9crit l&rsquo;Histoire du Sanctuaire de la Sainte Vierge de HaI, d\u00e9couvrant comment l&rsquo;image v\u00e9n\u00e9r\u00e9e \u00e0 Murazzano est inspir\u00e9e d&rsquo;une ancienne statue trouv\u00e9e \u00e0 HaI en Belgique et dat\u00e9e de 1266.<\/p>\n<p><strong>VINCENZO ALBARELLO (1876- 1917)<br \/><\/strong>Major des troupes alpines, il commanda la compagnie qui conquit le mont N\u00e9ron (16\/6\/1916), fut d\u00e9cor\u00e9 de trois m\u00e9dailles d&rsquo;or V.M. et de la croix de l&rsquo;Ordre militaire de Savoie. La ville de Turin lui a d\u00e9di\u00e9 la place Vincenzo Albarello en sa m\u00e9moire.<\/p>\n<p><strong>DON CARLO BRUNO (1831-1922)<br \/><\/strong>Pr\u00eatre, sp\u00e9cialiste de l&rsquo;agriculture, de l&rsquo;hydrographie et de la g\u00e9ologie, il a laiss\u00e9 de nombreux \u00e9crits et \u00e9tait consid\u00e9r\u00e9 comme le meilleur g\u00e9ologue italien de l&rsquo;\u00e9poque. Il a \u00e9t\u00e9 parmi les explorateurs des grottes de Bossea et l&rsquo;un des fondateurs du Consortium agricole de Mondov\u00ec.<\/p>\n<p><strong>DOMENICO MARIA DURANTE (1879- 1944)<br \/><\/strong>Peintre qui a particip\u00e9 \u00e0 de nombreuses expositions, il a \u00e9t\u00e9 invit\u00e9 plusieurs fois \u00e0 la Biennale de Venise. Il s&rsquo;est particuli\u00e8rement distingu\u00e9 comme portraitiste et paysagiste.<\/p>\n<p>[\/et_pb_text][\/et_pb_column][et_pb_column type=\u00a0\u00bb1_2&Prime; _builder_version=\u00a0\u00bb4.16&Prime; _module_preset=\u00a0\u00bbdefault\u00a0\u00bb global_colors_info=\u00a0\u00bb{}\u00a0\u00bb][et_pb_text _builder_version=\u00a0\u00bb4.16.0&Prime; _module_preset=\u00a0\u00bbdefault\u00a0\u00bb text_text_color=\u00a0\u00bb#000000&Prime; text_font_size=\u00a0\u00bb16px\u00a0\u00bb text_line_height=\u00a0\u00bb1.4em\u00a0\u00bb text_font_size_tablet=\u00a0\u00bb15px\u00a0\u00bb text_font_size_phone=\u00a0\u00bb13px\u00a0\u00bb text_font_size_last_edited=\u00a0\u00bbon|phone\u00a0\u00bb global_colors_info=\u00a0\u00bb{}\u00a0\u00bb]<\/p>\n<p><strong>LUCIANO ADAMI (1878 -1965)<br \/><\/strong>C\u00e9l\u00e8bre magistrat, il est l&rsquo;un des rares fonctionnaires \u00e0 avoir accompli cinquante ans de service effectif dans la magistrature, en devenant procureur g\u00e9n\u00e9ral de la Cour de cassation.<\/p>\n<p><strong>GIUSEPPE CERRINA (1882- 1959)<br \/><\/strong>Il \u00e9tait essentiellement un homme de grande culture : humaniste, po\u00e8te, critique litt\u00e9raire, musicien et peintre. Il a fait conna\u00eetre Murazzano en faisant d&rsquo;elle la protagoniste de nombreux tableaux, expos\u00e9s \u00e0 plusieurs reprises \u00e0 la Biennale de Venise. Il a consacr\u00e9 sa vie \u00e0 la recherche de repr\u00e9senter ce qui ne se voit pas, dans le but de d\u00e9passer le paysage pour atteindre la nature.<\/p>\n<p><strong>BEPPE FENOGLIO (1922 -1963)<br \/><\/strong>Beppe Fenoglio est l&rsquo;un des \u00e9crivains les plus importants de la litt\u00e9rature italienne contemporaine. Tr\u00e8s jeune, il passe ses vacances d&rsquo;\u00e9t\u00e9 \u00e0 Murazzano chez ses parents paternels.<br \/>Au cours de l&rsquo;hiver 1943, il rejoint une formation de partisans, \u00e9galement \u00e0 Murazzano, et en ao\u00fbt 1954, il \u00e9crit le \u00ab Diario \u00bb, un ouvrage compos\u00e9 de 17 notes int\u00e9ressantes et de r\u00e9flexions stimulantes. \u00ab Ces quelques pages du carnet\u2026 deviennent un document pr\u00e9cieux qui aide \u00e0 comprendre le difficile parcours de l&rsquo;\u00e9crivain vers la maturit\u00e9 \u00bb.<br \/>\u00ab\u00a0L&rsquo;enfant mari\u00e9e\u00a0\u00bb, \u00ab\u00a0Adieu\u00a0\u00bb et \u00ab\u00a0Le collecteur d&rsquo;imp\u00f4ts\u00a0\u00bb sont les trois histoires extraordinaires qui se d\u00e9roulent dans notre ville.<\/p>\n<p><strong>ROBERTO GABETTI (1925 &#8211; 2000)<br \/><\/strong>Il fut l&rsquo;un des grands architectes du XXe si\u00e8cle italien. Dans ses nombreux chefs-d&rsquo;\u0153uvre, la charge d&rsquo;innovation se conjugue avec le respect de l&rsquo;environnement. Professeur \u00e0 l&rsquo;\u00c9cole polytechnique de Turin et ma\u00eetre de culture, il a anim\u00e9 pendant de nombreuses ann\u00e9es l&rsquo;activit\u00e9 de la Section d&rsquo;art de la Commission liturgique dioc\u00e9saine au service d&rsquo;une liturgie qui valorise la personne.<\/p>\n<p>[\/et_pb_text][\/et_pb_column][\/et_pb_row][et_pb_row _builder_version=\u00a0\u00bb4.16.1&Prime; _module_preset=\u00a0\u00bbdefault\u00a0\u00bb global_colors_info=\u00a0\u00bb{}\u00a0\u00bb][et_pb_column type=\u00a0\u00bb4_4&Prime; _builder_version=\u00a0\u00bb4.16.1&Prime; _module_preset=\u00a0\u00bbdefault\u00a0\u00bb global_colors_info=\u00a0\u00bb{}\u00a0\u00bb][et_pb_image src=\u00a0\u00bbhttps:\/\/visitmurazzano.it\/wp-content\/uploads\/2023\/09\/una_volta_in_langa_new.jpg\u00a0\u00bb alt=\u00a0\u00bbuna_volta_in_langa_new\u00a0\u00bb title_text=\u00a0\u00bbuna_volta_in_langa_new\u00a0\u00bb _builder_version=\u00a0\u00bb4.22.2&Prime; _module_preset=\u00a0\u00bbdefault\u00a0\u00bb hover_enabled=\u00a0\u00bb0&Prime; global_colors_info=\u00a0\u00bb{}\u00a0\u00bb sticky_enabled=\u00a0\u00bb0&Prime;][\/et_pb_image][\/et_pb_column][\/et_pb_row][\/et_pb_section]<\/p>\n","protected":false},"excerpt":{"rendered":"<p>Murazzano hierDans les documents anciens, Murazzano est mentionn\u00e9e pour la premi\u00e8re fois en 900 dans le c\u00e9l\u00e8bre dipl\u00f4me d&rsquo;Otto Ier, alors qu&rsquo;elle subissait des raids sarrasins.Elle faisait partie de la Marca Aleramica et, en 1210, elle est pass\u00e9e sous le contr\u00f4le des marquis de Saluzzo, jusqu&rsquo;\u00e0 ce qu&rsquo;elle soit achet\u00e9e par la Savoie en 1463 [&hellip;]<\/p>\n","protected":false},"author":1,"featured_media":0,"parent":0,"menu_order":0,"comment_status":"closed","ping_status":"closed","template":"","meta":{"_et_pb_use_builder":"on","_et_pb_old_content":"","_et_gb_content_width":"","footnotes":""},"class_list":["post-2304","page","type-page","status-publish","hentry"],"yoast_head":"<!-- This site is optimized with the Yoast SEO plugin v26.7 - https:\/\/yoast.com\/wordpress\/plugins\/seo\/ -->\n<title>Visit Murazzano | Les origines et l&#039;histoire fascinante de notre village<\/title>\n<meta name=\"description\" content=\"Murazzano est riche en t\u00e9moignages et en traditions. D\u00e9couvrez les origines et les personnages c\u00e9l\u00e8bres qui ont marqu\u00e9 l&#039;histoire du deuxi\u00e8me village le plus haut des Langhe.\" \/>\n<meta name=\"robots\" content=\"index, follow, max-snippet:-1, max-image-preview:large, max-video-preview:-1\" \/>\n<link rel=\"canonical\" href=\"https:\/\/visitmurazzano.it\/fr\/murazzano-hier\/\" \/>\n<meta property=\"og:locale\" content=\"fr_FR\" \/>\n<meta property=\"og:type\" content=\"article\" \/>\n<meta property=\"og:title\" content=\"Visit Murazzano | Les origines et l&#039;histoire fascinante de notre village\" \/>\n<meta property=\"og:description\" content=\"Murazzano est riche en t\u00e9moignages et en traditions. D\u00e9couvrez les origines et les personnages c\u00e9l\u00e8bres qui ont marqu\u00e9 l&#039;histoire du deuxi\u00e8me village le plus haut des Langhe.\" \/>\n<meta property=\"og:url\" content=\"https:\/\/visitmurazzano.it\/fr\/murazzano-hier\/\" \/>\n<meta property=\"og:site_name\" content=\"Visit Murazzano\" \/>\n<meta property=\"article:modified_time\" content=\"2025-04-02T11:27:16+00:00\" \/>\n<meta name=\"twitter:card\" content=\"summary_large_image\" \/>\n<meta name=\"twitter:label1\" content=\"Dur\u00e9e de lecture estim\u00e9e\" \/>\n\t<meta name=\"twitter:data1\" content=\"7 minutes\" \/>\n<script type=\"application\/ld+json\" class=\"yoast-schema-graph\">{\"@context\":\"https:\/\/schema.org\",\"@graph\":[{\"@type\":\"WebPage\",\"@id\":\"https:\/\/visitmurazzano.it\/fr\/murazzano-hier\/\",\"url\":\"https:\/\/visitmurazzano.it\/fr\/murazzano-hier\/\",\"name\":\"Visit Murazzano | Les origines et l'histoire fascinante de notre village\",\"isPartOf\":{\"@id\":\"https:\/\/visitmurazzano.it\/fr\/#website\"},\"datePublished\":\"2022-02-16T08:26:21+00:00\",\"dateModified\":\"2025-04-02T11:27:16+00:00\",\"description\":\"Murazzano est riche en t\u00e9moignages et en traditions. D\u00e9couvrez les origines et les personnages c\u00e9l\u00e8bres qui ont marqu\u00e9 l'histoire du deuxi\u00e8me village le plus haut des Langhe.\",\"breadcrumb\":{\"@id\":\"https:\/\/visitmurazzano.it\/fr\/murazzano-hier\/#breadcrumb\"},\"inLanguage\":\"fr-FR\",\"potentialAction\":[{\"@type\":\"ReadAction\",\"target\":[\"https:\/\/visitmurazzano.it\/fr\/murazzano-hier\/\"]}]},{\"@type\":\"BreadcrumbList\",\"@id\":\"https:\/\/visitmurazzano.it\/fr\/murazzano-hier\/#breadcrumb\",\"itemListElement\":[{\"@type\":\"ListItem\",\"position\":1,\"name\":\"Home\",\"item\":\"https:\/\/visitmurazzano.it\/fr\/\"},{\"@type\":\"ListItem\",\"position\":2,\"name\":\"Murazzano hier\"}]},{\"@type\":\"WebSite\",\"@id\":\"https:\/\/visitmurazzano.it\/fr\/#website\",\"url\":\"https:\/\/visitmurazzano.it\/fr\/\",\"name\":\"Visit Murazzano\",\"description\":\"Sito turistico Murazzano\",\"publisher\":{\"@id\":\"https:\/\/visitmurazzano.it\/fr\/#organization\"},\"potentialAction\":[{\"@type\":\"SearchAction\",\"target\":{\"@type\":\"EntryPoint\",\"urlTemplate\":\"https:\/\/visitmurazzano.it\/fr\/?s={search_term_string}\"},\"query-input\":{\"@type\":\"PropertyValueSpecification\",\"valueRequired\":true,\"valueName\":\"search_term_string\"}}],\"inLanguage\":\"fr-FR\"},{\"@type\":\"Organization\",\"@id\":\"https:\/\/visitmurazzano.it\/fr\/#organization\",\"name\":\"Murazzano\",\"url\":\"https:\/\/visitmurazzano.it\/fr\/\",\"logo\":{\"@type\":\"ImageObject\",\"inLanguage\":\"fr-FR\",\"@id\":\"https:\/\/visitmurazzano.it\/fr\/#\/schema\/logo\/image\/\",\"url\":\"https:\/\/visitmurazzano.it\/wp-content\/uploads\/2022\/05\/logo-murazzano.jpg\",\"contentUrl\":\"https:\/\/visitmurazzano.it\/wp-content\/uploads\/2022\/05\/logo-murazzano.jpg\",\"width\":75,\"height\":90,\"caption\":\"Murazzano\"},\"image\":{\"@id\":\"https:\/\/visitmurazzano.it\/fr\/#\/schema\/logo\/image\/\"}}]}<\/script>\n<!-- \/ Yoast SEO plugin. -->","yoast_head_json":{"title":"Visit Murazzano | Les origines et l'histoire fascinante de notre village","description":"Murazzano est riche en t\u00e9moignages et en traditions. D\u00e9couvrez les origines et les personnages c\u00e9l\u00e8bres qui ont marqu\u00e9 l'histoire du deuxi\u00e8me village le plus haut des Langhe.","robots":{"index":"index","follow":"follow","max-snippet":"max-snippet:-1","max-image-preview":"max-image-preview:large","max-video-preview":"max-video-preview:-1"},"canonical":"https:\/\/visitmurazzano.it\/fr\/murazzano-hier\/","og_locale":"fr_FR","og_type":"article","og_title":"Visit Murazzano | Les origines et l'histoire fascinante de notre village","og_description":"Murazzano est riche en t\u00e9moignages et en traditions. D\u00e9couvrez les origines et les personnages c\u00e9l\u00e8bres qui ont marqu\u00e9 l'histoire du deuxi\u00e8me village le plus haut des Langhe.","og_url":"https:\/\/visitmurazzano.it\/fr\/murazzano-hier\/","og_site_name":"Visit Murazzano","article_modified_time":"2025-04-02T11:27:16+00:00","twitter_card":"summary_large_image","twitter_misc":{"Dur\u00e9e de lecture estim\u00e9e":"7 minutes"},"schema":{"@context":"https:\/\/schema.org","@graph":[{"@type":"WebPage","@id":"https:\/\/visitmurazzano.it\/fr\/murazzano-hier\/","url":"https:\/\/visitmurazzano.it\/fr\/murazzano-hier\/","name":"Visit Murazzano | Les origines et l'histoire fascinante de notre village","isPartOf":{"@id":"https:\/\/visitmurazzano.it\/fr\/#website"},"datePublished":"2022-02-16T08:26:21+00:00","dateModified":"2025-04-02T11:27:16+00:00","description":"Murazzano est riche en t\u00e9moignages et en traditions. D\u00e9couvrez les origines et les personnages c\u00e9l\u00e8bres qui ont marqu\u00e9 l'histoire du deuxi\u00e8me village le plus haut des Langhe.","breadcrumb":{"@id":"https:\/\/visitmurazzano.it\/fr\/murazzano-hier\/#breadcrumb"},"inLanguage":"fr-FR","potentialAction":[{"@type":"ReadAction","target":["https:\/\/visitmurazzano.it\/fr\/murazzano-hier\/"]}]},{"@type":"BreadcrumbList","@id":"https:\/\/visitmurazzano.it\/fr\/murazzano-hier\/#breadcrumb","itemListElement":[{"@type":"ListItem","position":1,"name":"Home","item":"https:\/\/visitmurazzano.it\/fr\/"},{"@type":"ListItem","position":2,"name":"Murazzano hier"}]},{"@type":"WebSite","@id":"https:\/\/visitmurazzano.it\/fr\/#website","url":"https:\/\/visitmurazzano.it\/fr\/","name":"Visit Murazzano","description":"Sito turistico Murazzano","publisher":{"@id":"https:\/\/visitmurazzano.it\/fr\/#organization"},"potentialAction":[{"@type":"SearchAction","target":{"@type":"EntryPoint","urlTemplate":"https:\/\/visitmurazzano.it\/fr\/?s={search_term_string}"},"query-input":{"@type":"PropertyValueSpecification","valueRequired":true,"valueName":"search_term_string"}}],"inLanguage":"fr-FR"},{"@type":"Organization","@id":"https:\/\/visitmurazzano.it\/fr\/#organization","name":"Murazzano","url":"https:\/\/visitmurazzano.it\/fr\/","logo":{"@type":"ImageObject","inLanguage":"fr-FR","@id":"https:\/\/visitmurazzano.it\/fr\/#\/schema\/logo\/image\/","url":"https:\/\/visitmurazzano.it\/wp-content\/uploads\/2022\/05\/logo-murazzano.jpg","contentUrl":"https:\/\/visitmurazzano.it\/wp-content\/uploads\/2022\/05\/logo-murazzano.jpg","width":75,"height":90,"caption":"Murazzano"},"image":{"@id":"https:\/\/visitmurazzano.it\/fr\/#\/schema\/logo\/image\/"}}]}},"_links":{"self":[{"href":"https:\/\/visitmurazzano.it\/fr\/wp-json\/wp\/v2\/pages\/2304","targetHints":{"allow":["GET"]}}],"collection":[{"href":"https:\/\/visitmurazzano.it\/fr\/wp-json\/wp\/v2\/pages"}],"about":[{"href":"https:\/\/visitmurazzano.it\/fr\/wp-json\/wp\/v2\/types\/page"}],"author":[{"embeddable":true,"href":"https:\/\/visitmurazzano.it\/fr\/wp-json\/wp\/v2\/users\/1"}],"replies":[{"embeddable":true,"href":"https:\/\/visitmurazzano.it\/fr\/wp-json\/wp\/v2\/comments?post=2304"}],"version-history":[{"count":5,"href":"https:\/\/visitmurazzano.it\/fr\/wp-json\/wp\/v2\/pages\/2304\/revisions"}],"predecessor-version":[{"id":5338,"href":"https:\/\/visitmurazzano.it\/fr\/wp-json\/wp\/v2\/pages\/2304\/revisions\/5338"}],"wp:attachment":[{"href":"https:\/\/visitmurazzano.it\/fr\/wp-json\/wp\/v2\/media?parent=2304"}],"curies":[{"name":"wp","href":"https:\/\/api.w.org\/{rel}","templated":true}]}}